{"id":281,"date":"2024-06-24T13:50:19","date_gmt":"2024-06-24T11:50:19","guid":{"rendered":"https:\/\/lebenshilfe-stormarn.de\/HomepageII\/?post_type=job_listing&#038;p=281"},"modified":"2024-11-22T11:09:22","modified_gmt":"2024-11-22T10:09:22","slug":"heilpaedagoginnen-m-w-d-heilerziehungspflegerinnen-m-w-d-oder-aehnliche-heilpaedagogische-qualifikation-fuer-15-30-std-woche-kennzeichen-3000-402-3","status":"publish","type":"job_listing","link":"https:\/\/lebenshilfe-stormarn.de\/HomepageII\/job\/heilpaedagoginnen-m-w-d-heilerziehungspflegerinnen-m-w-d-oder-aehnliche-heilpaedagogische-qualifikation-fuer-15-30-std-woche-kennzeichen-3000-402-3\/","title":{"rendered":"Heilp\u00e4dagog*innen (m\/w\/d), Heilerziehungspfleger*innen (m\/w\/d) oder \u00e4hnliche heilp\u00e4dagogische Qualifikation f\u00fcr 15 \u2013 30 Std.\/Woche &#8211; Kennzeichen 3000\/402-3"},"content":{"rendered":"<p>Ihr Herz schl\u00e4gt f\u00fcr die individuelle und ganzheitliche F\u00f6rderung von Kindern mit einer Entwicklungsverz\u00f6gerung oder Behinderung? Sie m\u00f6chten diese Kinder dabei unterst\u00fctzen am Leben in der Gesellschaft teilzuhaben? Sie haben Freude daran diese Kinder in der Kita zu begleiten und zu f\u00f6rdern, sowie das Team der Kitas zu unterst\u00fctzen und zu beraten? Dann sind Sie bei uns genau richtig! Denn wir suchen f\u00fcr den Fachdienst f\u00fcr Einzelintegration zum n\u00e4chstm\u00f6glichen Zeitpunkt<\/p>\n<h2>Heilp\u00e4dagog*innen (m\/w\/d), Heilerziehungspfleger*innen (m\/w\/d)<br \/>\noder \u00e4hnliche heilp\u00e4dagogische Qualifikation f\u00fcr (15 \u2013 30 Std.\/Woche)<\/h2>\n<p>Der Fachdienst f\u00fcr Einzelintegration bietet Kindertagesst\u00e4tten im Kreis Stormarn die heilp\u00e4dagogische F\u00f6rderung von Kindern mit erh\u00f6htem F\u00f6rderbedarf durch hochqualifizierte Fachkr\u00e4fte an.<\/p>\n<p>Das bieten wir Ihnen:<\/p>\n<ul>\n<li>Verg\u00fctung und Arbeitsbedingungen nach TVL, zzgl. einer Jahressonderzahlung<\/li>\n<li>Ein unbefristetes Arbeitsverh\u00e4ltnis<\/li>\n<li>Betriebliche Altersversorgung<\/li>\n<li>Eine verantwortungsvolle und abwechslungsreiche T\u00e4tigkeit mit vielseitigen Gestaltungsm\u00f6glichkeiten<\/li>\n<li>Raum f\u00fcr freie Arbeitszeitgestaltung<\/li>\n<li>Viele M\u00f6glichkeiten der fachlichen Fort- und Weiterbildung sowie Supervision<\/li>\n<li>ein engagiertes und motiviertes Team<\/li>\n<\/ul>\n<p>Sie sind bei uns genau richtig, wenn\u2026<\/p>\n<ul>\n<li>Sie eine der Position entsprechende Qualifikation haben<\/li>\n<li>Sie bereits erste Berufserfahrung mitbringen\u2013 wir freuen uns jedoch auch \u00fcber neugierige und engagierte Berufseinsteiger<\/li>\n<li>Sie \u00fcber gute organisatorische Kompetenzen, Anpassungsf\u00e4higkeit sowie selbstst\u00e4ndiges Arbeiten verf\u00fcgen<\/li>\n<li>Sie eine offene, freundliche und kommunikative Person sind<\/li>\n<li>Sie Freude an der Arbeit mit Kindern, Familien und Kitas haben<\/li>\n<li>Sie einen F\u00fchrerschein der Klasse B und einen eigenen PKW besitzen<\/li>\n<\/ul>\n<p>Sie haben Interesse?<br \/>\nDann rufen Sie uns gerne an und erfahren alles \u00fcber Ihre M\u00f6glichkeiten bei der Lebenshilfe!<\/p>\n<p>Ihr Ansprechpartnerin:<br \/>\nAnnett Horn (Leitung Fachdienst f\u00fcr Einzelintegration):<br \/>\n04102\/885861<\/p>\n<p>Kennzeichen: 3000\/402-3<\/p>\n<p>Wir freuen uns auf Ihre aussagekr\u00e4ftige Bewerbung, per Email (PDF) \u00a0an:<\/p>\n<div class=\"page\" title=\"Page 1\">\n<div class=\"section\">\n<div class=\"layoutArea\">\n<div class=\"column\">\n<p><a href=\"mailto:jobs@lebenshilfe-stormarn.de\">jobs@lebenshilfe-stormarn.de<\/a><\/p>\n<\/div>\n<\/div>\n<\/div>\n<\/div>\n<p>Oder per Post an:<\/p>\n<p>Lebenshilfe Stormarn<br \/>\nz. Hd. Frau Horn<br \/>\nErika-Keck-Str.4<br \/>\n22926 Ahrensburg<\/p>\n","protected":false},"author":5,"featured_media":0,"template":"","meta":{"_promoted":"","_job_location":"Kreis Stormarn","_application":"jobs@lebenshilfe-stormarn.de","_company_name":"Lebenshilfe Stormarn","_company_website":"","_company_tagline":"","_company_twitter":"","_company_video":"","_filled":0,"_featured":0,"_remote_position":0,"_job_salary":"","_job_salary_currency":"","_job_salary_unit":""},"job-types":[14],"class_list":{"0":"post-281","1":"job_listing","2":"type-job_listing","3":"status-publish","4":"hentry","6":"job-type-fachdienst-fuer-einzelintegration"},"_links":{"self":[{"href":"https:\/\/lebenshilfe-stormarn.de\/HomepageII\/wp-json\/wp\/v2\/job-listings\/281","targetHints":{"allow":["GET"]}}],"collection":[{"href":"https:\/\/lebenshilfe-stormarn.de\/HomepageII\/wp-json\/wp\/v2\/job-listings"}],"about":[{"href":"https:\/\/lebenshilfe-stormarn.de\/HomepageII\/wp-json\/wp\/v2\/types\/job_listing"}],"author":[{"embeddable":true,"href":"https:\/\/lebenshilfe-stormarn.de\/HomepageII\/wp-json\/wp\/v2\/users\/5"}],"wp:attachment":[{"href":"https:\/\/lebenshilfe-stormarn.de\/HomepageII\/wp-json\/wp\/v2\/media?parent=281"}],"wp:term":[{"taxonomy":"job_listing_type","embeddable":true,"href":"https:\/\/lebenshilfe-stormarn.de\/HomepageII\/wp-json\/wp\/v2\/job-types?post=281"}],"curies":[{"name":"wp","href":"https:\/\/api.w.org\/{rel}","templated":true}]}}